{"id":3925,"date":"2024-05-20T07:55:13","date_gmt":"2024-05-20T07:55:13","guid":{"rendered":"https:\/\/vilanova.escolateresiana.com\/preinscripcion-cf-24-25\/"},"modified":"2026-02-12T07:13:36","modified_gmt":"2026-02-12T07:13:36","slug":"preinscripcion-cf-26-27","status":"publish","type":"page","link":"https:\/\/vilanova.escolateresiana.com\/es\/preinscripcion-cf-26-27\/","title":{"rendered":"Preinscripci\u00f3n CF 26-27"},"content":{"rendered":"<p>[vc_row css_animation=\u00bb\u00bb row_type=\u00bbrow\u00bb use_row_as_full_screen_section=\u00bbno\u00bb type=\u00bbgrid\u00bb angled_section=\u00bbno\u00bb text_align=\u00bbleft\u00bb background_image_as_pattern=\u00bbwithout_pattern\u00bb z_index=\u00bb\u00bb css=\u00bb.vc_custom_1714116582242{background-color: rgba(71,196,25,0.24) !important;*background-color: rgb(71,196,25) !important;}\u00bb][vc_column][vc_empty_space height=\u00bb50px\u00bb][vc_column_text]<span style=\"vertical-align: inherit;\"><span style=\"vertical-align: inherit;\">[\/vc_column_text][vc_column_text]\u00a0<\/span><\/span><\/p>\n<h3><span style=\"color: #008000;\">PREINSCRIPCIONES ESCOLARES 2026-2027 A CICLOS FORMATIVOS DE GRADO MEDIO Y GRADO SUPERIOR<\/span><\/h3>\n<p>[\/vc_column_text][vc_empty_space height=\u00bb15px\u00bb][vc_column_text]<\/p>\n<h4><a href=\"https:\/\/forms.gle\/3GSzXW9SpTyBaCt96\" target=\"_blank\" rel=\"noopener\">\u00abVen a conocer el nuestros Ciclos Formativos\u00bb<\/a> (pide cita previa para asistir a las Jornadas de Puertas Abiertas)<\/h4>\n<p>[\/vc_column_text][vc_empty_space][vc_separator type=\u00bbnormal\u00bb color=\u00bb#ffffff\u00bb][vc_empty_space][vc_separator type=\u00bbnormal\u00bb color=\u00bb#ffffff\u00bb][\/vc_column][\/vc_row][vc_row css_animation=\u00bb\u00bb row_type=\u00bbrow\u00bb use_row_as_full_screen_section=\u00bbno\u00bb type=\u00bbgrid\u00bb angled_section=\u00bbno\u00bb text_align=\u00bbcenter\u00bb background_image_as_pattern=\u00bbwithout_pattern\u00bb z_index=\u00bb\u00bb css=\u00bb.vc_custom_1714116576662{background-color: rgba(71,196,25,0.24) !important;*background-color: rgb(71,196,25) !important;}\u00bb][vc_column width=\u00bb1\/3&#8243; offset=\u00bbvc_hidden-lg vc_hidden-md vc_hidden-sm vc_hidden-xs\u00bb][vc_empty_space][vc_column_text]<\/p>\n<h3 style=\"text-align: center;\"><a href=\"https:\/\/preinscripcio.gencat.cat\/ca\/estudis\/fp-grau-mitja\/inici\/\" target=\"_blank\" rel=\"noopener\"><span style=\"color: #008000;\"><span style=\"vertical-align: inherit;\"><span style=\"vertical-align: inherit;\">SOLICITUD ELECTR\u00d3NICA DE PREINSCRIPCI\u00d3N DE CFGMF<\/span><\/span><\/span><\/a><\/h3>\n<p>[\/vc_column_text][vc_empty_space]\n\n\t<a href=\"https:\/\/preinscripcio.gencat.cat\/ca\/estudis\/fp-grau-mitja\/inici\/\" target=\"_blank\"  class=\"qode-btn qode-btn-medium qode-btn-solid qode-btn-default-hover\"  >\n\t    <span class=\"qode-btn-text\">IR<\/span>\t<\/a>\n\n[vc_empty_space][\/vc_column][vc_column width=\u00bb1\/3&#8243; ancho=\u00bb1\/3&#8243; offset=\u00bbvc_hidden-lg vc_hidden-md vc_hidden-sm vc_hidden-xs\u00bb][vc_empty_space][vc_column_text]<\/p>\n<h3 style=\"text-align: center;\"><a href=\"https:\/\/vilanova.escolateresiana.com\/wp-content\/uploads\/2025\/04\/Preinscripcio_CFGS_25.pdf\" target=\"_blank\" rel=\"noopener\"><span style=\"color: #008000;\"><span style=\"vertical-align: inherit;\"><span style=\"vertical-align: inherit;\">SOLICITUD DE PREINSCRIPCI\u00d3N PARA CF DE GRAU SUPERIOR De EDUCACI\u00d3N INFANTIL<\/span><\/span><\/span><\/a><\/h3>\n<p>[\/vc_column_text][vc_empty_space]\n\n\t<a href=\"https:\/\/vilanova.escolateresiana.com\/wp-content\/uploads\/2025\/04\/Preinscripcio_CFGS_25.pdf\" target=\"_blank\"  class=\"qode-btn qode-btn-medium qode-btn-solid qode-btn-default-hover\"  >\n\t    <span class=\"qode-btn-text\">DESCARGAR PDF<\/span>\t<\/a>\n\n[vc_empty_space][\/vc_column][vc_column width=\u00bb1\/3&#8243; offset=\u00bbvc_hidden-lg vc_hidden-md vc_hidden-sm vc_hidden-xs\u00bb][\/vc_column][\/vc_row][vc_row css_animation=\u00bb\u00bb row_type=\u00bbrow\u00bb use_row_as_full_screen_section=\u00bbno\u00bb type=\u00bbfull_width\u00bb angled_section=\u00bbno\u00bb text_align=\u00bbleft\u00bb background_image_as_pattern=\u00bbwithout_pattern\u00bb css=\u00bb.vc_custom_1714116628918{background-color: rgba(71,196,25,0.24) !important;*background-color: rgb(71,196,25) !important;}\u00bb z_index=\u00bb\u00bb][vc_column offset=\u00bbvc_hidden-lg vc_hidden-md vc_hidden-sm vc_hidden-xs\u00bb][vc_separator type=\u00bbnormal\u00bb color=\u00bb#ffffff\u00bb up=\u00bb20&#8243; down=\u00bb20&#8243;][\/vc_column][\/vc_row][vc_row css_animation=\u00bb\u00bb row_type=\u00bbrow\u00bb use_row_as_full_screen_section=\u00bbno\u00bb type=\u00bbgrid\u00bb angled_section=\u00bbno\u00bb text_align=\u00bbcenter\u00bb background_image_as_pattern=\u00bbwithout_pattern\u00bb z_index=\u00bb\u00bb css=\u00bb.vc_custom_1714116576662{background-color: rgba(71,196,25,0.24) !important;*background-color: rgb(71,196,25) !important;}\u00bb][vc_column width=\u00bb1\/3&#8243; offset=\u00bbvc_hidden-lg vc_hidden-md vc_hidden-sm vc_hidden-xs\u00bb][vc_empty_space][vc_column_text]<\/p>\n<h3 style=\"text-align: center;\"><span style=\"color: #008000;\"><span style=\"vertical-align: inherit;\"><span style=\"vertical-align: inherit;\"> LISTA BAREMADA PROVISIONAL, CFGS De EDUCACI\u00d3N INFANTIL<\/span><\/span><\/span><\/h3>\n<p>[\/vc_column_text][vc_empty_space height=\u00bb55px\u00bb]\n\n\t<a href=\"https:\/\/vilanova.escolateresiana.com\/wp-content\/uploads\/2025\/06\/LLISTAT-ALUMNES-AMB-EL-BAREM-PROVISIONAL-2025-2026-receocio-web.pdf\" target=\"_blank\"  class=\"qode-btn qode-btn-medium qode-btn-solid qode-btn-default-hover\"  >\n\t    <span class=\"qode-btn-text\">DESCARGAR PDF<\/span>\t<\/a>\n\n[vc_empty_space][\/vc_column][vc_column width=\u00bb1\/3&#8243; offset=\u00bbvc_hidden-lg vc_hidden-md vc_hidden-sm vc_hidden-xs\u00bb][vc_empty_space][vc_column_text]<\/p>\n<h3 style=\"text-align: center;\"><span style=\"color: #008000;\"><span style=\"vertical-align: inherit;\"><span style=\"vertical-align: inherit;\">LISTA BAREMADA PROVISIONAL, CICLOS DE FORMACI\u00d3N PROFESIONAL DE GRADO MEDIO<\/span><\/span><\/span><\/h3>\n<p>[\/vc_column_text][vc_empty_space]\n\n\t<a href=\"https:\/\/vilanova.escolateresiana.com\/wp-content\/uploads\/2025\/06\/INFORME_BAREM_PROVISIONAL_BAREM-1-CFGM.pdf\" target=\"_blank\"  class=\"qode-btn qode-btn-medium qode-btn-solid qode-btn-default-hover\"  >\n\t    <span class=\"qode-btn-text\">DESCARGAR PDF<\/span>\t<\/a>\n\n[vc_empty_space][\/vc_column][vc_column width=\u00bb1\/3&#8243; ancho=\u00bb1\/3&#8243; offset=\u00bbvc_hidden-lg vc_hidden-md vc_hidden-sm vc_hidden-xs\u00bb][vc_empty_space][vc_column_text]<\/p>\n<h3 style=\"text-align: center;\"><span style=\"color: #008000;\"><span style=\"vertical-align: inherit;\"><span style=\"vertical-align: inherit;\">LISTADO BAREMO PROVISIONAL RESUELTAS LAS RECLAMACIONES. CFGS De EDUCACI\u00d3N INFANTI <\/span><\/span><\/span><\/h3>\n<p>[\/vc_column_text][vc_empty_space]\n\n\t<a href=\"https:\/\/vilanova.escolateresiana.com\/wp-content\/uploads\/2025\/07\/LLISTAT-ALUMNES-AMB-EL-BAREM-PROVISIONAL-amb-reclamacions-2025-2026.pdf\" target=\"_blank\"  class=\"qode-btn qode-btn-medium qode-btn-solid qode-btn-default-hover\"  >\n\t    <span class=\"qode-btn-text\">DESCARGAR PDF<\/span>\t<\/a>\n\n[vc_empty_space][\/vc_column][\/vc_row][vc_row css_animation=\u00bb\u00bb row_type=\u00bbrow\u00bb use_row_as_full_screen_section=\u00bbno\u00bb type=\u00bbfull_width\u00bb angled_section=\u00bbno\u00bb text_align=\u00bbleft\u00bb background_image_as_pattern=\u00bbwithout_pattern\u00bb css=\u00bb.vc_custom_1714116628918{background-color: rgba(71,196,25,0.24) !important;*background-color: rgb(71,196,25) !important;}\u00bb z_index=\u00bb\u00bb][vc_column offset=\u00bbvc_hidden-lg vc_hidden-md vc_hidden-sm vc_hidden-xs\u00bb][vc_separator type=\u00bbnormal\u00bb color=\u00bb#ffffff\u00bb up=\u00bb20&#8243; down=\u00bb20&#8243;][\/vc_column][\/vc_row][vc_row css_animation=\u00bb\u00bb row_type=\u00bbrow\u00bb use_row_as_full_screen_section=\u00bbno\u00bb type=\u00bbgrid\u00bb angled_section=\u00bbno\u00bb text_align=\u00bbcenter\u00bb background_image_as_pattern=\u00bbwithout_pattern\u00bb z_index=\u00bb\u00bb css=\u00bb.vc_custom_1714116576662{background-color: rgba(71,196,25,0.24) !important;*background-color: rgb(71,196,25) !important;}\u00bb][vc_column width=\u00bb1\/3&#8243; ancho=\u00bb1\/3&#8243; offset=\u00bbvc_hidden-lg vc_hidden-md vc_hidden-sm vc_hidden-xs\u00bb][vc_empty_space][vc_column_text]<\/p>\n<h3 style=\"text-align: center;\"><span style=\"color: #008000;\"><span style=\"vertical-align: inherit;\"><span style=\"vertical-align: inherit;\">LISTA DE SOLICITUDES DE CFGM UNA VEZ RESUELTAS LAS RECLAMACIONES<\/span><\/span><\/span><\/h3>\n<p>[\/vc_column_text][vc_empty_space height=\u00bb55px\u00bb]\n\n\t<a href=\"https:\/\/vilanova.escolateresiana.com\/wp-content\/uploads\/2025\/07\/INFORME_BAREM_RESOLTES_BAREM-3-CFGM.pdf\" target=\"_blank\"  class=\"qode-btn qode-btn-medium qode-btn-solid qode-btn-default-hover\"  >\n\t    <span class=\"qode-btn-text\">DESCARGAR PDF<\/span>\t<\/a>\n\n[vc_empty_space][\/vc_column][vc_column width=\u00bb1\/3&#8243; offset=\u00bbvc_hidden-lg vc_hidden-md vc_hidden-sm vc_hidden-xs\u00bb][vc_empty_space][vc_column_text]<\/p>\n<h3 style=\"text-align: center;\"><span style=\"color: #008000;\"><span style=\"vertical-align: inherit;\"><span style=\"vertical-align: inherit;\">LISTA DE ESPERA. CFGS DE EDUCACI\u00d3N INFANTIL<\/span><\/span><\/span><\/h3>\n<p>[\/vc_column_text][vc_empty_space height=\u00bb55px\u00bb]\n\n\t<a href=\"https:\/\/vilanova.escolateresiana.com\/wp-content\/uploads\/2025\/07\/LLISTA-DESPERA-2025-2026-PER-RECEPCIO-I-LA-WEB.pdf\" target=\"_blank\"  class=\"qode-btn qode-btn-medium qode-btn-solid qode-btn-default-hover\"  >\n\t    <span class=\"qode-btn-text\">DESCARGAR PDF<\/span>\t<\/a>\n\n[vc_empty_space][\/vc_column][vc_column width=\u00bb1\/3&#8243; offset=\u00bbvc_hidden-lg vc_hidden-md vc_hidden-sm vc_hidden-xs\u00bb][vc_empty_space][vc_column_text]<\/p>\n<h3 style=\"text-align: center;\"><span style=\"color: #008000;\"><span style=\"vertical-align: inherit;\"><span style=\"vertical-align: inherit;\">LISTA ASIGNACIONES. CFGS De EDUCACI\u00d3N INFANTIL <\/span><\/span><\/span><\/h3>\n<p>[\/vc_column_text][vc_empty_space height=\u00bb55px\u00bb]\n\n\t<a href=\"https:\/\/vilanova.escolateresiana.com\/wp-content\/uploads\/2025\/07\/LLISTAT-ALUMNES-ASSIGNATS-2025-2026-PER-RECEPCIO-I-LA-WEB.pdf\" target=\"_blank\"  class=\"qode-btn qode-btn-medium qode-btn-solid qode-btn-default-hover\"  >\n\t    <span class=\"qode-btn-text\">DESCARGAR PDF<\/span>\t<\/a>\n\n[vc_empty_space][\/vc_column][\/vc_row][vc_row css_animation=\u00bb\u00bb row_type=\u00bbrow\u00bb use_row_as_full_screen_section=\u00bbno\u00bb type=\u00bbfull_width\u00bb angled_section=\u00bbno\u00bb text_align=\u00bbleft\u00bb background_image_as_pattern=\u00bbwithout_pattern\u00bb css=\u00bb.vc_custom_1714116628918{background-color: rgba(71,196,25,0.24) !important;*background-color: rgb(71,196,25) !important;}\u00bb z_index=\u00bb\u00bb][vc_column offset=\u00bbvc_hidden-lg vc_hidden-md vc_hidden-sm vc_hidden-xs\u00bb][vc_separator type=\u00bbnormal\u00bb color=\u00bb#ffffff\u00bb up=\u00bb20&#8243; down=\u00bb20&#8243;][\/vc_column][\/vc_row][vc_row css_animation=\u00bb\u00bb row_type=\u00bbrow\u00bb use_row_as_full_screen_section=\u00bbno\u00bb type=\u00bbgrid\u00bb angled_section=\u00bbno\u00bb text_align=\u00bbcenter\u00bb background_image_as_pattern=\u00bbwithout_pattern\u00bb z_index=\u00bb\u00bb css=\u00bb.vc_custom_1714116576662{background-color: rgba(71,196,25,0.24) !important;*background-color: rgb(71,196,25) !important;}\u00bb][vc_column width=\u00bb1\/3&#8243; offset=\u00bbvc_hidden-lg vc_hidden-md vc_hidden-sm vc_hidden-xs\u00bb][vc_empty_space][vc_column_text]<\/p>\n<h3 style=\"text-align: center;\"><span style=\"color: #008000;\"><span style=\"vertical-align: inherit;\"><span style=\"vertical-align: inherit;\">ALUMNADO ASIGNADO DEFINITIVO PRIMERA TANDA. CFGM <\/span><\/span><\/span><\/h3>\n<p>[\/vc_column_text][vc_empty_space]\n\n\t<a href=\"https:\/\/vilanova.escolateresiana.com\/wp-content\/uploads\/2025\/07\/INFORME_ASSIGNADES_INFORME_ASSIGNADES-1-CFGM.pdf\" target=\"_blank\"  class=\"qode-btn qode-btn-medium qode-btn-solid qode-btn-default-hover\"  >\n\t    <span class=\"qode-btn-text\">DESCARGAR PDF<\/span>\t<\/a>\n\n[vc_empty_space][\/vc_column][vc_column width=\u00bb1\/3&#8243; ancho=\u00bb1\/3&#8243; offset=\u00bbvc_hidden-lg vc_hidden-md vc_hidden-sm vc_hidden-xs\u00bb][vc_empty_space][vc_column_text]<\/p>\n<h3 style=\"text-align: center;\"><span style=\"color: #008000;\"><span style=\"vertical-align: inherit;\"><span style=\"vertical-align: inherit;\">ALUMNOS PREINSCRITOS CON INDICACI\u00d3N DE La ASIGNACI\u00d3N, PETICI\u00d3N PRIMERA TANDA. CFGM <\/span><\/span><\/span><\/h3>\n<p>[\/vc_column_text][vc_empty_space]\n\n\t<a href=\"https:\/\/vilanova.escolateresiana.com\/wp-content\/uploads\/2025\/07\/INFORME_PREINSCRITES_OME_INFORME_PREINSCRITES_OME-9-CFGM.pdf\" target=\"_blank\"  class=\"qode-btn qode-btn-medium qode-btn-solid qode-btn-default-hover\"  >\n\t    <span class=\"qode-btn-text\">DESCARGAR PDF<\/span>\t<\/a>\n\n[vc_empty_space][\/vc_column][vc_column width=\u00bb1\/3&#8243; offset=\u00bbvc_hidden-lg vc_hidden-md vc_hidden-sm vc_hidden-xs\u00bb][vc_empty_space][vc_column_text]<\/p>\n<h3 style=\"text-align: center;\"><span style=\"color: #008000;\"><span style=\"vertical-align: inherit;\"><span style=\"vertical-align: inherit;\"> ALUMNOS ASIGNADOS AL CENTRO EN SEGUNDA TANDA. CFGM <\/span><\/span><\/span><\/h3>\n<p>[\/vc_column_text][vc_empty_space]\n\n\t<a href=\"https:\/\/vilanova.escolateresiana.com\/wp-content\/uploads\/2025\/07\/INFORME_ASSIGNADES_INFORME_ASSIGNADES-4-2a-TANDA.pdf\" target=\"_blank\"  class=\"qode-btn qode-btn-medium qode-btn-solid qode-btn-default-hover\"  >\n\t    <span class=\"qode-btn-text\">DESCARGAR PDF<\/span>\t<\/a>\n\n[vc_empty_space][\/vc_column][\/vc_row][vc_row css_animation=\u00bb\u00bb row_type=\u00bbrow\u00bb use_row_as_full_screen_section=\u00bbno\u00bb type=\u00bbfull_width\u00bb angled_section=\u00bbno\u00bb text_align=\u00bbleft\u00bb background_image_as_pattern=\u00bbwithout_pattern\u00bb css=\u00bb.vc_custom_1714116628918{background-color: rgba(71,196,25,0.24) !important;*background-color: rgb(71,196,25) !important;}\u00bb z_index=\u00bb\u00bb][vc_column offset=\u00bbvc_hidden-lg vc_hidden-md vc_hidden-sm vc_hidden-xs\u00bb][vc_separator type=\u00bbnormal\u00bb color=\u00bb#ffffff\u00bb up=\u00bb20&#8243; down=\u00bb20&#8243;][\/vc_column][\/vc_row][vc_row css_animation=\u00bb\u00bb row_type=\u00bbrow\u00bb use_row_as_full_screen_section=\u00bbno\u00bb type=\u00bbgrid\u00bb angled_section=\u00bbno\u00bb text_align=\u00bbcenter\u00bb background_image_as_pattern=\u00bbwithout_pattern\u00bb z_index=\u00bb\u00bb css=\u00bb.vc_custom_1714116576662{background-color: rgba(71,196,25,0.24) !important;*background-color: rgb(71,196,25) !important;}\u00bb][vc_column width=\u00bb1\/3&#8243; ancho=\u00bb1\/3&#8243; offset=\u00bbvc_hidden-lg vc_hidden-md vc_hidden-sm vc_hidden-xs\u00bb][vc_empty_space][vc_column_text]<\/p>\n<h3 style=\"text-align: center;\"><span style=\"color: #008000;\"><span style=\"vertical-align: inherit;\"><span style=\"vertical-align: inherit;\">ALUMNOS PREINSCRITOS CON INDICACI\u00d3N DE La ASIGNACI\u00d3N, PETICI\u00d3N SEGUNDA TANDA. CFGM <\/span><\/span><\/span><\/h3>\n<p>[\/vc_column_text][vc_empty_space]\n\n\t<a href=\"https:\/\/vilanova.escolateresiana.com\/wp-content\/uploads\/2025\/07\/INFORME_PREINSCRITES_OME_INFORME_PREINSCRITES_OME-2A-TANDA.pdf\" target=\"_blank\"  class=\"qode-btn qode-btn-medium qode-btn-solid qode-btn-default-hover\"  >\n\t    <span class=\"qode-btn-text\">DESCARGAR PDF<\/span>\t<\/a>\n\n[vc_empty_space height=\u00bb64px\u00bb][\/vc_column][vc_column width=\u00bb1\/3&#8243; offset=\u00bbvc_hidden-lg vc_hidden-md vc_hidden-sm vc_hidden-xs\u00bb][vc_empty_space][vc_column_text]<\/p>\n<h3 style=\"text-align: center;\"><span style=\"color: #008000;\"><span style=\"vertical-align: inherit;\"><span style=\"vertical-align: inherit;\">ALUMNOS PREINSCRITOS AL CENTRO EN TERCERA TANDA. CFPM <\/span><\/span><\/span><\/h3>\n<p>[\/vc_column_text][vc_empty_space]\n\n\t<a href=\"https:\/\/vilanova.escolateresiana.com\/wp-content\/uploads\/2025\/07\/INFORME_PREINSCRITES_OME_INFORME_PREINSCRITES_OME-3a-tanda.pdf\" target=\"_blank\"  class=\"qode-btn qode-btn-medium qode-btn-solid qode-btn-default-hover\"  >\n\t    <span class=\"qode-btn-text\">DESCARGAR PDF<\/span>\t<\/a>\n\n[vc_empty_space][\/vc_column][vc_column width=\u00bb1\/3&#8243; offset=\u00bbvc_hidden-lg vc_hidden-md vc_hidden-sm vc_hidden-xs\u00bb][vc_empty_space][vc_column_text]<\/p>\n<h3 style=\"text-align: center;\"><span style=\"color: #008000;\"><span style=\"vertical-align: inherit;\"><span style=\"vertical-align: inherit;\">ALUMNOS ASIGNADOS AL CENTRO EN TERCERA TANDA. CFPM <\/span><\/span><\/span><\/h3>\n<p>[\/vc_column_text][vc_empty_space]\n\n\t<a href=\"https:\/\/vilanova.escolateresiana.com\/wp-content\/uploads\/2025\/07\/INFORME_ASSIGNADES_INFORME_ASSIGNADES-3a-tanda.pdf\" target=\"_blank\"  class=\"qode-btn qode-btn-medium qode-btn-solid qode-btn-default-hover\"  >\n\t    <span class=\"qode-btn-text\">DESCARGAR PDF<\/span>\t<\/a>\n\n[vc_empty_space][\/vc_column][\/vc_row][vc_row css_animation=\u00bb\u00bb row_type=\u00bbrow\u00bb use_row_as_full_screen_section=\u00bbno\u00bb type=\u00bbfull_width\u00bb angled_section=\u00bbno\u00bb text_align=\u00bbizquierda\u00bb background_image_as_pattern=\u00bbsin_pattern\u00bb][vc_column][vc_gallery type=\u00bbimage_grid\u00bb images=\u00bb3912,3914,3916,3918&#8243; img_size=\u00bbfull\u00bb column_number=\u00bb4&#8243; grayscale=\u00bbno\u00bb images_space=\u00bbgallery_without_space\u00bb grises=\u00bbno\u00bb][\/vc_column][\/vc_row][vc_row css_animation=\u00bb\u00bb row_type=\u00bbrow\u00bb use_row_as_full_screen_section=\u00bbno\u00bb type=\u00bbfull_width\u00bb angled_section=\u00bbno\u00bb text_align=\u00bbleft\u00bb background_image_as_pattern=\u00bbwithout_pattern\u00bb][vc_column][vc_column_text][\/vc_column_text][\/vc_column][\/vc_row][vc_column width=\u00bb1\/2&#8243;][\/vc_column][vc_column width=\u00bb1\/2&#8243;][\/vc_column]<\/p>\n","protected":false},"excerpt":{"rendered":"<p>[vc_row css_animation=\u00bb\u00bb row_type=\u00bbrow\u00bb use_row_as_full_screen_section=\u00bbno\u00bb type=\u00bbgrid\u00bb angled_section=\u00bbno\u00bb text_align=\u00bbleft\u00bb background_image_as_pattern=\u00bbwithout_pattern\u00bb z_index=\u00bb\u00bb css=\u00bb.vc_custom_1714116582242{background-color: rgba(71,196,25,0.24) !important;*background-color: rgb(71,196,25) !important;}\u00bb][vc_column][vc_empty_space height=\u00bb50px\u00bb][vc_column_text][\/vc_column_text][vc_column_text]\u00a0 PREINSCRIPCIONES ESCOLARES 2026-2027 A CICLOS FORMATIVOS DE GRADO MEDIO Y GRADO SUPERIOR [\/vc_column_text][vc_empty_space height=\u00bb15px\u00bb][vc_column_text] \u00abVen a conocer el nuestros Ciclos Formativos\u00bb (pide cita previa para asistir a las Jornadas de&#8230;<\/p>\n","protected":false},"author":1,"featured_media":0,"parent":0,"menu_order":0,"comment_status":"closed","ping_status":"closed","template":"full_width.php","meta":{"footnotes":""},"class_list":["post-3925","page","type-page","status-publish","hentry"],"_links":{"self":[{"href":"https:\/\/vilanova.escolateresiana.com\/es\/wp-json\/wp\/v2\/pages\/3925","targetHints":{"allow":["GET"]}}],"collection":[{"href":"https:\/\/vilanova.escolateresiana.com\/es\/wp-json\/wp\/v2\/pages"}],"about":[{"href":"https:\/\/vilanova.escolateresiana.com\/es\/wp-json\/wp\/v2\/types\/page"}],"author":[{"embeddable":true,"href":"https:\/\/vilanova.escolateresiana.com\/es\/wp-json\/wp\/v2\/users\/1"}],"replies":[{"embeddable":true,"href":"https:\/\/vilanova.escolateresiana.com\/es\/wp-json\/wp\/v2\/comments?post=3925"}],"version-history":[{"count":32,"href":"https:\/\/vilanova.escolateresiana.com\/es\/wp-json\/wp\/v2\/pages\/3925\/revisions"}],"predecessor-version":[{"id":4013,"href":"https:\/\/vilanova.escolateresiana.com\/es\/wp-json\/wp\/v2\/pages\/3925\/revisions\/4013"}],"wp:attachment":[{"href":"https:\/\/vilanova.escolateresiana.com\/es\/wp-json\/wp\/v2\/media?parent=3925"}],"curies":[{"name":"wp","href":"https:\/\/api.w.org\/{rel}","templated":true}]}}