{"id":3294,"date":"2023-02-13T15:28:10","date_gmt":"2023-02-13T15:28:10","guid":{"rendered":"https:\/\/vilanova.escolateresiana.com\/ciclos-formativos\/"},"modified":"2025-10-16T07:26:56","modified_gmt":"2025-10-16T07:26:56","slug":"ciclos-formativos","status":"publish","type":"page","link":"https:\/\/vilanova.escolateresiana.com\/es\/ciclos-formativos\/","title":{"rendered":"Ciclos formativos"},"content":{"rendered":"<p>[vc_row css_animation=\u00bb\u00bb row_type=\u00bbrow\u00bb use_row_as_full_screen_section=\u00bbno\u00bb type=\u00bbfull_width\u00bb angled_section=\u00bbno\u00bb text_align=\u00bbleft\u00bb background_image_as_pattern=\u00bbwithout_pattern\u00bb][vc_column]\n\t\t\t<!-- START C Formatius CAST REVOLUTION SLIDER 6.5.14 --><p class=\"rs-p-wp-fix\"><\/p>\n\t\t\t<rs-module-wrap id=\"rev_slider_25_1_wrapper\" data-source=\"gallery\" style=\"visibility:hidden;background:transparent;padding:0;margin:0px auto;margin-top:0;margin-bottom:0;\">\n\t\t\t\t<rs-module id=\"rev_slider_25_1\" style=\"\" data-version=\"6.5.14\">\n\t\t\t\t\t<rs-slides>\n\t\t\t\t\t\t<rs-slide style=\"position: absolute;\" data-key=\"rs-27\" data-title=\"Slide\" data-in=\"o:0;\" data-out=\"a:false;\">\n\t\t\t\t\t\t\t<img decoding=\"async\" src=\"\/\/vilanova.escolateresiana.com\/wp-content\/plugins\/revslider\/public\/assets\/assets\/dummy.png\" alt=\"Slide\" title=\"Ciclos formativos\" class=\"rev-slidebg tp-rs-img rs-lazyload\" data-lazyload=\"\/\/vilanova.escolateresiana.com\/wp-content\/plugins\/revslider\/public\/assets\/assets\/transparent.png\" data-bg=\"c:#45ac34;\" data-no-retina>\n<!--\n\t\t\t\t\t\t\t--><rs-layer\n\t\t\t\t\t\t\t\tid=\"slider-25-slide-27-layer-0\" \n\t\t\t\t\t\t\t\tclass=\"rs-fsv rs-layer-video intrinsic-ignore\"\n\t\t\t\t\t\t\t\tdata-type=\"video\"\n\t\t\t\t\t\t\t\tdata-rsp_ch=\"on\"\n\t\t\t\t\t\t\t\tdata-xy=\"x:0;y:0;\"\n\t\t\t\t\t\t\t\tdata-text=\"w:normal;\"\n\t\t\t\t\t\t\t\tdata-dim=\"w:100%;h:100%;\"\n\t\t\t\t\t\t\t\tdata-basealign=\"slide\"\n\t\t\t\t\t\t\t\tdata-video=\"vfc:true;vd:100;fc:true;l:true;ptimer:false;nse:f;\"\n\t\t\t\t\t\t\t\tdata-poster=\"\/\/vilanova.escolateresiana.com\/wp-content\/uploads\/revslider\/video-media\/cicles-CAST_27_layer.jpeg\"\n\t\t\t\t\t\t\t\tdata-mp4=\"\/\/vilanova.escolateresiana.com\/wp-content\/uploads\/2024\/04\/cicles-CAST.mp4\"\n\t\t\t\t\t\t\t\tdata-frame_999=\"o:0;st:w;sR:8700;\"\n\t\t\t\t\t\t\t\tstyle=\"z-index:8;\"\n\t\t\t\t\t\t\t>\n\t\t\t\t\t\t\t<\/rs-layer><!--\n-->\t\t\t\t\t\t<\/rs-slide>\n\t\t\t\t\t<\/rs-slides>\n\t\t\t\t<\/rs-module>\n\t\t\t\t<script>\n\t\t\t\t\tsetREVStartSize({c: 'rev_slider_25_1',rl:[1240,1024,778,480],el:[700],gw:[ 1280],gh:[700],type:'standard',justify:'',layout:'fullwidth',mh:\"0\"});if (window.RS_MODULES!==undefined && window.RS_MODULES.modules!==undefined && window.RS_MODULES.modules[\"revslider251\"]!==undefined) {window.RS_MODULES.modules[\"revslider251\"].once = false;window.revapi25 = undefined;if (window.RS_MODULES.checkMinimal!==undefined) window.RS_MODULES.checkMinimal()}\n\t\t\t\t<\/script>\n\t\t\t<\/rs-module-wrap>\n\t\t\t<!-- END REVOLUTION SLIDER -->\n[\/vc_column][\/vc_row][vc_row css_animation=\u00bb\u00bb row_type=\u00bbrow\u00bb use_row_as_full_screen_section=\u00bbno\u00bb type=\u00bbfull_width\u00bb angled_section=\u00bbno\u00bb text_align=\u00bbleft\u00bb background_image_as_pattern=\u00bbwithout_pattern\u00bb][vc_column][qode_elements_holder number_of_columns=\u00bbtwo_columns\u00bb][qode_elements_holder_item advanced_animations=\u00bbno\u00bb][vc_single_image image=\u00bb2960&#8243; img_size=\u00bbfull\u00bb qode_css_animation=\u00bb\u00bb][\/qode_elements_holder_item][qode_elements_holder_item advanced_animations=\u00bbno\u00bb item_padding=\u00bb0px 30px 0px 30px\u00bb][vc_column_text]<\/p>\n<h2><span style=\"color: #45ac34;\">Ciclos formativos<\/span><\/h2>\n<p>&nbsp;<\/p>\n<p>Los Ciclos Formativos son estudios que capacitan al alumnado para ejercer diversas profesiones con la formaci\u00f3n necesaria para adquirir las competencias y los conocimientos propios de cada sector.<\/p>\n<p>&nbsp;<\/p>\n<p>Son un puente entre el centro y la empresa y est\u00e1n dise\u00f1ados teniendo en cuenta las necesidades reales y actuales del sistema productivo.[\/vc_column_text][\/qode_elements_holder_item][\/qode_elements_holder][\/vc_column][\/vc_row][vc_row css_animation=\u00bb\u00bb row_type=\u00bbrow\u00bb use_row_as_full_screen_section=\u00bbno\u00bb type=\u00bbfull_width\u00bb angled_section=\u00bbno\u00bb text_align=\u00bbleft\u00bb background_image_as_pattern=\u00bbwithout_pattern\u00bb][vc_column][vc_empty_space height=\u00bb90px\u00bb][\/vc_column][\/vc_row][vc_row css_animation=\u00bb\u00bb row_type=\u00bbrow\u00bb use_row_as_full_screen_section=\u00bbno\u00bb type=\u00bbgrid\u00bb angled_section=\u00bbno\u00bb text_align=\u00bbleft\u00bb background_image_as_pattern=\u00bbwithout_pattern\u00bb z_index=\u00bb\u00bb][vc_column width=\u00bb1\/2&#8243;]<div class=\"qode-accordion-holder clearfix qode-toggle qode-initial \">\n\t<h4 class=\"clearfix qode-title-holder\">\n<span class=\"qode-tab-title\">\n\t    <span class=\"qode-tab-title-inner\">\n        MODALIDADES    <\/span>\n<\/span>\n<span class=\"qode-accordion-mark\">\n    <span class=\"qode-accordion-mark-icon\">\n        <span class=\"icon_plus\"><\/span>\n        <span class=\"icon_minus-06\"><\/span>\n    <\/span>\n<\/span>\n<\/h4>\n<div  class=\"qode-accordion-content \" >\n    <div class=\"qode-accordion-content-inner\">\n        [vc_column_text]La <strong>Formaci\u00f3n Profesional<\/strong> est\u00e1 estructurada en Ciclos Formativos, que pueden ser de dos tipos: de Grado Medio o Grado Superior.<\/p>\n<p>&nbsp;<\/p>\n<p>Existen un total de 26 familias profesionales y cada una de ellas aglutina cualificaciones que requieren el desempe\u00f1o de competencias en un determinado campo profesional.<\/p>\n<p>&nbsp;<\/p>\n<p>Las familias engloban los ciclos formativos con caracter\u00edsticas comunes seg\u00fan:<\/p>\n<p>&nbsp;<\/p>\n<ol>\n<li>Afinidad formativa<\/li>\n<li>Semejanza entre los procesos tecnol\u00f3gicos utilizados y productos o servicios creados a nivel profesional<\/li>\n<li>Sector industrial<\/li>\n<\/ol>\n<p>[\/vc_column_text][vc_empty_space][vc_single_image image=\u00bb2961&#8243; img_size=\u00bbfull\u00bb qode_css_animation=\u00bb\u00bb]    <\/div>\n<\/div><h4 class=\"clearfix qode-title-holder\">\n<span class=\"qode-tab-title\">\n\t    <span class=\"qode-tab-title-inner\">\n        METODOLOG\u00cdAS INNOVADORAS    <\/span>\n<\/span>\n<span class=\"qode-accordion-mark\">\n    <span class=\"qode-accordion-mark-icon\">\n        <span class=\"icon_plus\"><\/span>\n        <span class=\"icon_minus-06\"><\/span>\n    <\/span>\n<\/span>\n<\/h4>\n<div  class=\"qode-accordion-content \" >\n    <div class=\"qode-accordion-content-inner\">\n        [vc_column_text]Nuestra metodolog\u00eda se basa en un modelo docente basado en la formaci\u00f3n te\u00f3rico-pr\u00e1ctica y personalizada mediante metodolog\u00edas innovadoras como:<\/p>\n<ul>\n<li>Trabajo cooperativo<\/li>\n<li>Gamificaci\u00f3n<\/li>\n<li>Aprendizaje basado en problemas (ABP)<\/li>\n<li>Simulaci\u00f3n empresarial<\/li>\n<li>Learning by doing<\/li>\n<\/ul>\n<p>&nbsp;<\/p>\n<p>El alumnado es el propio protagonista de su aprendizaje, desarrollando habilidades comunicativas, el uso de la tecnolog\u00eda como herramienta de aprendizaje o la conexi\u00f3n entre el mundo educativo y laboral.[\/vc_column_text]    <\/div>\n<\/div><h4 class=\"clearfix qode-title-holder\">\n<span class=\"qode-tab-title\">\n\t    <span class=\"qode-tab-title-inner\">\n        EDUCACI\u00d3N EN VALORES    <\/span>\n<\/span>\n<span class=\"qode-accordion-mark\">\n    <span class=\"qode-accordion-mark-icon\">\n        <span class=\"icon_plus\"><\/span>\n        <span class=\"icon_minus-06\"><\/span>\n    <\/span>\n<\/span>\n<\/h4>\n<div  class=\"qode-accordion-content \" >\n    <div class=\"qode-accordion-content-inner\">\n        [vc_column_text]Buscamos ofrecer modelos positivos, de colaboraci\u00f3n y respeto mutuos que orienten el desarrollo personal del alumnado y les permitan, siempre desde respeto de las propias ideas y del resto, poder ser responsables, respetuosos, positivos, colaboradores e implicados en la sociedad en la que vivimos.[\/vc_column_text]    <\/div>\n<\/div><h4 class=\"clearfix qode-title-holder\">\n<span class=\"qode-tab-title\">\n\t    <span class=\"qode-tab-title-inner\">\n        ERASMUS +    <\/span>\n<\/span>\n<span class=\"qode-accordion-mark\">\n    <span class=\"qode-accordion-mark-icon\">\n        <span class=\"icon_plus\"><\/span>\n        <span class=\"icon_minus-06\"><\/span>\n    <\/span>\n<\/span>\n<\/h4>\n<div  class=\"qode-accordion-content \" >\n    <div class=\"qode-accordion-content-inner\">\n        [vc_column_text]Nuestros Ciclos Formativos est\u00e1n adheridos al programa Erasmus+ como una experiencia internacional, con el fin de vivir una internacionalizaci\u00f3n de los estudios, desarrollar y compartir experiencias y conocimientos en empresas e instituciones de otros pa\u00edses.<\/p>\n<p>&nbsp;<\/p>\n<p>El proyecto Erasmus+ es una oportunidad de realizar estancias formativas en empresas internacionales (Irlanda) con una duraci\u00f3n de 5 semanas. Son proyectos europeos, financiados con las becas de movilidad Erasmus+ y que favorecen la internacionalizaci\u00f3n de estudios, la mejora del idioma (ingl\u00e9s) y el crecimiento personal.[\/vc_column_text]    <\/div>\n<\/div><h4 class=\"clearfix qode-title-holder\">\n<span class=\"qode-tab-title\">\n\t    <span class=\"qode-tab-title-inner\">\n        BOLSA DE TRABAJO    <\/span>\n<\/span>\n<span class=\"qode-accordion-mark\">\n    <span class=\"qode-accordion-mark-icon\">\n        <span class=\"icon_plus\"><\/span>\n        <span class=\"icon_minus-06\"><\/span>\n    <\/span>\n<\/span>\n<\/h4>\n<div  class=\"qode-accordion-content \" >\n    <div class=\"qode-accordion-content-inner\">\n        [vc_column_text]Nuestro centro tiene la voluntad de facilitar la inserci\u00f3n laboral del alumnado. Con esta finalidad organizamos el servicio de \u00abBolsa de Trabajo\u00bb y mediante el seguimiento tutorial y la coordinaci\u00f3n de la Bolsa de Trabajo atendemos a las solicitudes de las empresas de acuerdo con el perfil profesional y las condiciones de trabajo que nos soliciten.[\/vc_column_text]    <\/div>\n<\/div><h4 class=\"clearfix qode-title-holder\">\n<span class=\"qode-tab-title\">\n\t    <span class=\"qode-tab-title-inner\">\n        PROYECTO INTEGRATIC    <\/span>\n<\/span>\n<span class=\"qode-accordion-mark\">\n    <span class=\"qode-accordion-mark-icon\">\n        <span class=\"icon_plus\"><\/span>\n        <span class=\"icon_minus-06\"><\/span>\n    <\/span>\n<\/span>\n<\/h4>\n<div  class=\"qode-accordion-content \" >\n    <div class=\"qode-accordion-content-inner\">\n        [vc_column_text]En el centro integramos las nuevas tecnolog\u00edas de la informaci\u00f3n, la relaci\u00f3n y la comunicaci\u00f3n.<\/p>\n<p>&nbsp;<\/p>\n<p>El alumnado aprende competencialmente el uso de herramientas, aplicaciones y programas inform\u00e1ticos que les capacitan para poder trabajar en un futuro en distintas empresas.<\/p>\n<p>&nbsp;<\/p>\n<p>El uso del correo electr\u00f3nico como herramienta de comunicaci\u00f3n, junto a la plataforma Educamos, facilitan la relaci\u00f3n entre centro-familias.<\/p>\n<p>&nbsp;<\/p>\n<p>En CF no utilizamos libros de texto.[\/vc_column_text]    <\/div>\n<\/div><\/div>[\/vc_column][vc_column width=\u00bb1\/2&#8243;]<div class=\"qode-accordion-holder clearfix qode-toggle qode-initial \">\n\t<h4 class=\"clearfix qode-title-holder\">\n<span class=\"qode-tab-title\">\n\t    <span class=\"qode-tab-title-inner\">\n        FORMACI\u00d3N EN CENTROS DE TRABAJO - (MODALIDAD DUAL GENERAL)    <\/span>\n<\/span>\n<span class=\"qode-accordion-mark\">\n    <span class=\"qode-accordion-mark-icon\">\n        <span class=\"icon_plus\"><\/span>\n        <span class=\"icon_minus-06\"><\/span>\n    <\/span>\n<\/span>\n<\/h4>\n<div  class=\"qode-accordion-content \" >\n    <div class=\"qode-accordion-content-inner\">\n        [vc_column_text]La Modalidad DUAL General es aquella modalidad de formaci\u00f3n que el alumnado debe cursar dentro de sus estudios y que se lleva a cabo gracias a la colaboraci\u00f3n de las empresas.<\/p>\n<p>&nbsp;<\/p>\n<p>Caracter\u00edsticas:<\/p>\n<ul>\n<li>\u00a0Duraci\u00f3n obligatoria: 515 horas (CFGM) o 515 horas (CFGS)<\/li>\n<li>La retribuci\u00f3n no es obligatoria<\/li>\n<\/ul>\n<p>[\/vc_column_text]    <\/div>\n<\/div><h4 class=\"clearfix qode-title-holder\">\n<span class=\"qode-tab-title\">\n\t    <span class=\"qode-tab-title-inner\">\n        MODALIDAD DE PR\u00c1CTICAS DUAL INTENSIVA    <\/span>\n<\/span>\n<span class=\"qode-accordion-mark\">\n    <span class=\"qode-accordion-mark-icon\">\n        <span class=\"icon_plus\"><\/span>\n        <span class=\"icon_minus-06\"><\/span>\n    <\/span>\n<\/span>\n<\/h4>\n<div  class=\"qode-accordion-content \" >\n    <div class=\"qode-accordion-content-inner\">\n        [vc_column_text]Esta modalidad formativa combina la formaci\u00f3n en centros educativos con aquella realizada en las empresas adheridas al programa.<\/p>\n<p>&nbsp;<\/p>\n<p>Caracter\u00edsticas:<\/p>\n<ul>\n<li>Voluntario. Es necesario pasar unos requisitos (tanto acad\u00e9micos como de actitud)<\/li>\n<li>Duraci\u00f3n: 1.000 horas aproximadas<\/li>\n<li>Retribuci\u00f3n obligatoria por parte de las empresas<\/li>\n<\/ul>\n<p>[\/vc_column_text]    <\/div>\n<\/div><h4 class=\"clearfix qode-title-holder\">\n<span class=\"qode-tab-title\">\n\t    <span class=\"qode-tab-title-inner\">\n        CONTINUIDAD DE ESTUDIOS E INSERCI\u00d3N LABORAL    <\/span>\n<\/span>\n<span class=\"qode-accordion-mark\">\n    <span class=\"qode-accordion-mark-icon\">\n        <span class=\"icon_plus\"><\/span>\n        <span class=\"icon_minus-06\"><\/span>\n    <\/span>\n<\/span>\n<\/h4>\n<div  class=\"qode-accordion-content \" >\n    <div class=\"qode-accordion-content-inner\">\n        [vc_column_text]Los resultados acad\u00e9micos y cifras de continuidad educativa son positivos.<br \/>\nEl alumnado que termina los CFGM dispone de una buena formaci\u00f3n para poder continuar con sus estudios en otros CFGS.<br \/>\nLa inserci\u00f3n laboral en el alumnado de CFGS tambi\u00e9n es elevada, muchas veces ocupan puestos de trabajo en las propias empresas en las que se han realizado las estancias formativas.<br \/>\nTambi\u00e9n constatamos los buenos resultados en estudios universitarios posteriores, as\u00ed como en su desarrollo profesional.[\/vc_column_text]    <\/div>\n<\/div><h4 class=\"clearfix qode-title-holder\">\n<span class=\"qode-tab-title\">\n\t    <span class=\"qode-tab-title-inner\">\n        PLAN DE ACCI\u00d3N TUTORIAL Acompa\u00f1arte    <\/span>\n<\/span>\n<span class=\"qode-accordion-mark\">\n    <span class=\"qode-accordion-mark-icon\">\n        <span class=\"icon_plus\"><\/span>\n        <span class=\"icon_minus-06\"><\/span>\n    <\/span>\n<\/span>\n<\/h4>\n<div  class=\"qode-accordion-content \" >\n    <div class=\"qode-accordion-content-inner\">\n        [vc_column_text]En todos los ciclos formativos se cuenta con una hora semanal asignada por tutor\u00eda grupal, para realizar un acompa\u00f1amiento. Desde tutor\u00eda se trabaja el asesoramiento personal y profesional, la orientaci\u00f3n acad\u00e9mico-profesional, resoluci\u00f3n de dudas, inquietudes, derechos y deberes\u2026 Adem\u00e1s, realizamos tutor\u00edas individualizadas.<br \/>\n[\/vc_column_text][vc_empty_space][vc_single_image image=\u00bb3786&#8243; img_size=\u00bbfull\u00bb qode_css_animation=\u00bb\u00bb]    <\/div>\n<\/div><h4 class=\"clearfix qode-title-holder\">\n<span class=\"qode-tab-title\">\n\t    <span class=\"qode-tab-title-inner\">\n        EMPRESA EN EL AULA    <\/span>\n<\/span>\n<span class=\"qode-accordion-mark\">\n    <span class=\"qode-accordion-mark-icon\">\n        <span class=\"icon_plus\"><\/span>\n        <span class=\"icon_minus-06\"><\/span>\n    <\/span>\n<\/span>\n<\/h4>\n<div  class=\"qode-accordion-content \" >\n    <div class=\"qode-accordion-content-inner\">\n        [vc_column_text]Proyecto internacional de simulaci\u00f3n empresarial como metodolog\u00eda de aprendizaje.<br \/>\nSe trata de una herramienta pedag\u00f3gica para formar personas, de forma pr\u00e1ctica y transversal, en tareas administrativas y de gesti\u00f3n empresarial.<\/p>\n<p>&nbsp;<\/p>\n<p>Este entorno simulado, que pertenece a la red SEFED (Simulaci\u00f3n de Empresas con Finalidad Educativa), permite la relaci\u00f3n y el contacto con otros centros, utilizando todos los medios que se dan en la vida real en la relaci\u00f3n entre empresas.<\/p>\n<p>&nbsp;<\/p>\n<p>Bianualmente, participamos en la Feria de Empresas Simuladas en Barcelona, \u200b\u200ben el marco del Sal\u00f3n de la Ense\u00f1anza.[\/vc_column_text]    <\/div>\n<\/div><h4 class=\"clearfix qode-title-holder\">\n<span class=\"qode-tab-title\">\n\t    <span class=\"qode-tab-title-inner\">\n        COMPROMETIDOS CON EL ENTORNO    <\/span>\n<\/span>\n<span class=\"qode-accordion-mark\">\n    <span class=\"qode-accordion-mark-icon\">\n        <span class=\"icon_plus\"><\/span>\n        <span class=\"icon_minus-06\"><\/span>\n    <\/span>\n<\/span>\n<\/h4>\n<div  class=\"qode-accordion-content \" >\n    <div class=\"qode-accordion-content-inner\">\n        [vc_column_text]En los Ciclos Formativos formamos personas comprometidas con el entorno m\u00e1s cercano, buscando a un alumnado que sea capaz de actuar como transformadores sociales.<br \/>\nColaboramos con diferentes entidades locales y comarcales en distintas acciones o campa\u00f1as: atenci\u00f3n a personas desfavorecidas, colaboraci\u00f3n con distintos organismos locales, etc.[\/vc_column_text]    <\/div>\n<\/div><\/div>[\/vc_column][\/vc_row][vc_row css_animation=\u00bb\u00bb row_type=\u00bbrow\u00bb use_row_as_full_screen_section=\u00bbno\u00bb type=\u00bbfull_width\u00bb angled_section=\u00bbno\u00bb text_align=\u00bbleft\u00bb background_image_as_pattern=\u00bbwithout_pattern\u00bb][vc_column][vc_empty_space height=\u00bb90px\u00bb][\/vc_column][\/vc_row][vc_row css_animation=\u00bb\u00bb row_type=\u00bbrow\u00bb use_row_as_full_screen_section=\u00bbno\u00bb type=\u00bbfull_width\u00bb angled_section=\u00bbno\u00bb text_align=\u00bbleft\u00bb background_image_as_pattern=\u00bbwithout_pattern\u00bb][vc_column][vc_gallery type=\u00bbimage_grid\u00bb images=\u00bb3006,2958,2957,3007&#8243; img_size=\u00bbfull\u00bb column_number=\u00bb4&#8243; grayscale=\u00bbno\u00bb images_space=\u00bbgallery_without_space\u00bb][\/vc_column][\/vc_row]<\/p>\n","protected":false},"excerpt":{"rendered":"<p>[vc_row css_animation=\u00bb\u00bb row_type=\u00bbrow\u00bb use_row_as_full_screen_section=\u00bbno\u00bb type=\u00bbfull_width\u00bb angled_section=\u00bbno\u00bb text_align=\u00bbleft\u00bb background_image_as_pattern=\u00bbwithout_pattern\u00bb][vc_column][\/vc_column][\/vc_row][vc_row css_animation=\u00bb\u00bb row_type=\u00bbrow\u00bb use_row_as_full_screen_section=\u00bbno\u00bb type=\u00bbfull_width\u00bb angled_section=\u00bbno\u00bb text_align=\u00bbleft\u00bb background_image_as_pattern=\u00bbwithout_pattern\u00bb][vc_column][qode_elements_holder number_of_columns=\u00bbtwo_columns\u00bb][qode_elements_holder_item advanced_animations=\u00bbno\u00bb][vc_single_image image=\u00bb2960&#8243; img_size=\u00bbfull\u00bb qode_css_animation=\u00bb\u00bb][\/qode_elements_holder_item][qode_elements_holder_item advanced_animations=\u00bbno\u00bb item_padding=\u00bb0px 30px 0px 30px\u00bb][vc_column_text] Ciclos formativos &nbsp; Los Ciclos Formativos son estudios que capacitan al alumnado para ejercer diversas profesiones con la formaci\u00f3n necesaria&#8230;<\/p>\n","protected":false},"author":1,"featured_media":0,"parent":0,"menu_order":0,"comment_status":"closed","ping_status":"closed","template":"full_width.php","meta":{"footnotes":""},"class_list":["post-3294","page","type-page","status-publish","hentry"],"_links":{"self":[{"href":"https:\/\/vilanova.escolateresiana.com\/es\/wp-json\/wp\/v2\/pages\/3294","targetHints":{"allow":["GET"]}}],"collection":[{"href":"https:\/\/vilanova.escolateresiana.com\/es\/wp-json\/wp\/v2\/pages"}],"about":[{"href":"https:\/\/vilanova.escolateresiana.com\/es\/wp-json\/wp\/v2\/types\/page"}],"author":[{"embeddable":true,"href":"https:\/\/vilanova.escolateresiana.com\/es\/wp-json\/wp\/v2\/users\/1"}],"replies":[{"embeddable":true,"href":"https:\/\/vilanova.escolateresiana.com\/es\/wp-json\/wp\/v2\/comments?post=3294"}],"version-history":[{"count":10,"href":"https:\/\/vilanova.escolateresiana.com\/es\/wp-json\/wp\/v2\/pages\/3294\/revisions"}],"predecessor-version":[{"id":3714,"href":"https:\/\/vilanova.escolateresiana.com\/es\/wp-json\/wp\/v2\/pages\/3294\/revisions\/3714"}],"wp:attachment":[{"href":"https:\/\/vilanova.escolateresiana.com\/es\/wp-json\/wp\/v2\/media?parent=3294"}],"curies":[{"name":"wp","href":"https:\/\/api.w.org\/{rel}","templated":true}]}}