{"id":3123,"date":"2022-05-19T10:32:33","date_gmt":"2022-05-19T10:32:33","guid":{"rendered":"https:\/\/vilanova.escolateresiana.com\/alumnos\/"},"modified":"2025-10-22T10:25:11","modified_gmt":"2025-10-22T10:25:11","slug":"alumnos","status":"publish","type":"page","link":"https:\/\/vilanova.escolateresiana.com\/es\/alumnos\/","title":{"rendered":"Alumnos"},"content":{"rendered":"<p>[vc_row css_animation=\u00bb\u00bb row_type=\u00bbrow\u00bb use_row_as_full_screen_section=\u00bbno\u00bb type=\u00bbfull_width\u00bb angled_section=\u00bbno\u00bb text_align=\u00bbleft\u00bb background_image_as_pattern=\u00bbwithout_pattern\u00bb][vc_column][qode_elements_holder number_of_columns=\u00bbtwo_columns\u00bb][qode_elements_holder_item vertical_alignment=\u00bbmiddle\u00bb advanced_animations=\u00bbno\u00bb item_padding=\u00bb0px 60px 0px 60px\u00bb][vc_column_text]<\/p>\n<h3><span style=\"color: #45ac34;\">ALUMNOS PARA EL PRESENTE Y EL FUTURO<\/span><\/h3>\n<p>&nbsp;<\/p>\n<p>Formamos <b>a personas capaces de cambiar el mundo.<\/b> Contextualizamos los aprendizajes, trabajamos a partir de retos y mediante metodolog\u00edas activas, dando especial importancia a las experiencias vividas y compartidas; potenciamos modelos de convivencia positivos y respetuosos, para conseguir nuestra finalidad: que el alumnado logre el objetivo de transformar la sociedad.[\/vc_column_text][vc_empty_space height=\u00bb20px\u00bb][\/qode_elements_holder_item][qode_elements_holder_item advanced_animations=\u00bbno\u00bb][vc_single_image image=\u00bb4896&#8243; img_size=\u00bbfull\u00bb qode_css_animation=\u00bb\u00bb][\/qode_elements_holder_item][\/qode_elements_holder][\/vc_column][\/vc_row][vc_row css_animation=\u00bbelement_from_right\u00bb row_type=\u00bbrow\u00bb use_row_as_full_screen_section=\u00bbno\u00bb type=\u00bbfull_width\u00bb angled_section=\u00bbno\u00bb text_align=\u00bbleft\u00bb background_image_as_pattern=\u00bbwithout_pattern\u00bb css=\u00bb.vc_custom_1652082657161{background-color: #ffffff !important;}\u00bb z_index=\u00bb\u00bb][vc_column css_animation=\u00bbzoomIn\u00bb][vc_empty_space height=\u00bb90px\u00bb][vc_column_text]<\/p>\n<h2 style=\"text-align: center;\"><span style=\"color: #45ac34; margin-left: 60px;\">#somosteresianos <\/span><\/h2>\n<p>[\/vc_column_text][vc_empty_space height=\u00bb90px\u00bb][vc_row_inner row_type=\u00bbrow\u00bb type=\u00bbgrid\u00bb text_align=\u00bbleft\u00bb css_animation=\u00bb\u00bb][vc_column_inner width=\u00bb1\/3&#8243;][vc_single_image image=\u00bb2593&#8243; img_size=\u00bbfull\u00bb alignment=\u00bbcenter\u00bb qode_css_animation=\u00bb\u00bb][vc_empty_space][vc_column_text]<\/p>\n<p style=\"text-align: center;\"><strong>Personas en proceso<\/strong> constante de autoconocimiento, responsables, libres, aut\u00f3nomas y emocionalmente inteligentes.<\/p>\n<p>[\/vc_column_text][vc_empty_space][\/vc_column_inner][vc_column_inner width=\u00bb1\/3&#8243;][vc_single_image image=\u00bb2592&#8243; img_size=\u00bbfull\u00bb alignment=\u00bbcenter\u00bb qode_css_animation=\u00bb\u00bb][vc_empty_space][vc_column_text]<\/p>\n<p style=\"text-align: center;\"><strong>Sujetos de encuentro<\/strong>, abiertos y acogedores, nos relacionamos de forma pac\u00edfica y constructiva, miramos a los dem\u00e1s con cari\u00f1o y respeto y tenemos capacidad de escucha.<\/p>\n<p>[\/vc_column_text][vc_empty_space][\/vc_column_inner][vc_column_inner width=\u00bb1\/3&#8243;][vc_single_image image=\u00bb2591&#8243; img_size=\u00bbfull\u00bb alignment=\u00bbcenter\u00bb qode_css_animation=\u00bb\u00bb][vc_empty_space][vc_column_text]<\/p>\n<p style=\"text-align: center;\"><strong>Protagonistas de nuestro aprendizaje<\/strong>, competentes en muchos \u00e1mbitos, sabemos trabajar en equipo, somos creativos, activos y reflexivos.<\/p>\n<p>[\/vc_column_text][vc_empty_space][\/vc_column_inner][\/vc_row_inner][vc_empty_space][vc_row_inner row_type=\u00bbrow\u00bb type=\u00bbgrid\u00bb text_align=\u00bbleft\u00bb css_animation=\u00bb\u00bb][vc_column_inner width=\u00bb1\/6&#8243;][\/vc_column_inner][vc_column_inner width=\u00bb1\/3&#8243;][vc_single_image image=\u00bb2590&#8243; img_size=\u00bbfull\u00bb alignment=\u00bbcenter\u00bb qode_css_animation=\u00bb\u00bb][vc_empty_space][vc_column_text]<\/p>\n<p style=\"text-align: center;\"><strong>Transformadores sociales<\/strong>, sensibles y comprometidos con la sostenibilidad del planeta, con esp\u00edritu cr\u00edtico y \u00e9tico, proactivos e inclusivos.<\/p>\n<p>[\/vc_column_text][vc_empty_space][\/vc_column_inner][vc_column_inner width=\u00bb1\/3&#8243;][vc_single_image image=\u00bb2589&#8243; img_size=\u00bbfull\u00bb alignment=\u00bbcenter\u00bb qode_css_animation=\u00bb\u00bb][vc_empty_space][vc_column_text]<\/p>\n<p style=\"text-align: center;\"><strong>Creyentes teresianos<\/strong>, cultivamos nuestra interioridad, estamos abiertos a la trascendencia ya la relaci\u00f3n con Dios, y con valores teresianos. Nos sentimos familia teresiana y celebramos la fe.<\/p>\n<p>[\/vc_column_text][vc_empty_space][\/vc_column_inner][vc_column_inner width=\u00bb1\/6&#8243;][\/vc_column_inner][\/vc_row_inner][vc_empty_space height=\u00bb90px\u00bb][\/vc_column][\/vc_row][vc_row css_animation=\u00bb\u00bb row_type=\u00bbrow\u00bb use_row_as_full_screen_section=\u00bbno\u00bb type=\u00bbgrid\u00bb angled_section=\u00bbno\u00bb text_align=\u00bbleft\u00bb background_image_as_pattern=\u00bbwithout_pattern\u00bb css=\u00bb.vc_custom_1673351520889{background-image: url(https:\/\/vilanova.escolateresiana.com\/wp-content\/uploads\/2022\/05\/SLIDE-SIN.png?id=493) !important;background-position: center !important;background-repeat: no-repeat !important;background-size: contain !important;}\u00bb z_index=\u00bb\u00bb padding_top=\u00bb80&#8243; padding_bottom=\u00bb80&#8243;][vc_column][vc_empty_space]<div class='testimonials_c_holder clearfix dark'><div class=\"testimonials_c testimonials_c_carousel\" data-show-navigation=\"yes\" data-animation-speed=\"\" data-auto-rotate-slides=\"5\" data-number-per-slide=\"1\"><ul class=\"slides\"><li id=\"testimonials-c-5015\" class=\"testimonial_content\"><div class=\"testimonial_content_inner\"><div class=\"testimonial_image_holder\"><img decoding=\"async\" src=\"https:\/\/vilanova.escolateresiana.com\/wp-content\/uploads\/2025\/11\/Naraya.png\" \/><\/div><div class=\"testimonial_text_holder\"><div class=\"testimonial_text_inner\" style=\"\"><p>(EX ALUMNO)<br>He pasado la mayor parte de mi vida en esta escuela, desde P3 hasta 4.\u00ba de ESO, creciendo junto a mis compa\u00f1eros\/se y profesores\/se. Aqu\u00ed he aprendido y vivido momentos que me han marcado tanto acad\u00e9micamente como personalmente. Me llevo recuerdos y amistades que siempre formar\u00e1n parte de mi vida.<\/p><p class=\"testimonial_author\" style=\"\">NAYARA PAULOS<\/p><\/div><\/div><\/div><\/li><li id=\"testimonials-c-4736\" class=\"testimonial_content\"><div class=\"testimonial_content_inner\"><div class=\"testimonial_image_holder\"><img decoding=\"async\" src=\"https:\/\/vilanova.escolateresiana.com\/wp-content\/uploads\/2025\/09\/patri-p.png\" \/><\/div><div class=\"testimonial_text_holder\"><div class=\"testimonial_text_inner\" style=\"\"><p>(EX-PROFESORA)<br>Alumna, profesora y madre\u2026 pueden definir mi paso, compromiso y v\u00ednculo con las Teresianas. As\u00ed de f\u00e1cil han pasado 40 a\u00f1os de aprender y acompa\u00f1ar familias y alumnas de todas las etapas. Ha sido un lujo poder compartir tantas horas, momentos y vida aqu\u00ed, en mi escuela, en mi familia de las Teresianas!<\/p><p class=\"testimonial_author\" style=\"\">PATR\u00cdCIA BANDERAS<\/p><\/div><\/div><\/div><\/li><li id=\"testimonials-c-4426\" class=\"testimonial_content\"><div class=\"testimonial_content_inner\"><div class=\"testimonial_image_holder\"><img decoding=\"async\" src=\"https:\/\/vilanova.escolateresiana.com\/wp-content\/uploads\/2025\/02\/gerard.png\" \/><\/div><div class=\"testimonial_text_holder\"><div class=\"testimonial_text_inner\" style=\"\"><p>(EX ALUMNO P3-4T ESO)<br>El colegio fue un lugar de crecimiento y aprendizaje desde P3 hasta la ESO, donde los profesores y profesoras trabajaron para inspirarnos y fomentar buenos valores. Siempre llevar\u00e9 conmigo los valiosos recuerdos y las amistades que all\u00e1 forj\u00e9.<\/p><p class=\"testimonial_author\" style=\"\">GERARD CANTERO<\/p><\/div><\/div><\/div><\/li><li id=\"testimonials-c-4354\" class=\"testimonial_content\"><div class=\"testimonial_content_inner\"><div class=\"testimonial_image_holder\"><img decoding=\"async\" src=\"https:\/\/vilanova.escolateresiana.com\/wp-content\/uploads\/2024\/11\/Gerard-San-Nicolas.png\" \/><\/div><div class=\"testimonial_text_holder\"><div class=\"testimonial_text_inner\" style=\"\"><p>(EX ALUMNO P3-4T ESO Y ACTUAL PROFESOR DEL CENTRO)<br\/> Desde peque\u00f1o he formado parte de la escuela. Aqu\u00ed me form\u00e9 y, actualmente, puedo desarrollar mi pasi\u00f3n por la educaci\u00f3n. He encontrado un entorno que me ha permitido crecer y aprender, donde cada d\u00eda me siento acogido y valorado.<\/p><p class=\"testimonial_author\" style=\"\">GERARD SAN NICOL\u00c1S<\/p><\/div><\/div><\/div><\/li><\/ul><\/div><\/div>[\/vc_column][\/vc_row]<\/p>\n","protected":false},"excerpt":{"rendered":"<p>[vc_row css_animation=\u00bb\u00bb row_type=\u00bbrow\u00bb use_row_as_full_screen_section=\u00bbno\u00bb type=\u00bbfull_width\u00bb angled_section=\u00bbno\u00bb text_align=\u00bbleft\u00bb background_image_as_pattern=\u00bbwithout_pattern\u00bb][vc_column][qode_elements_holder number_of_columns=\u00bbtwo_columns\u00bb][qode_elements_holder_item vertical_alignment=\u00bbmiddle\u00bb advanced_animations=\u00bbno\u00bb item_padding=\u00bb0px 60px 0px 60px\u00bb][vc_column_text] ALUMNOS PARA EL PRESENTE Y EL FUTURO &nbsp; Formamos a personas capaces de cambiar el mundo. Contextualizamos los aprendizajes, trabajamos a partir de retos y mediante metodolog\u00edas activas, dando especial&#8230;<\/p>\n","protected":false},"author":1,"featured_media":0,"parent":0,"menu_order":0,"comment_status":"closed","ping_status":"closed","template":"full_width.php","meta":{"footnotes":""},"class_list":["post-3123","page","type-page","status-publish","hentry"],"_links":{"self":[{"href":"https:\/\/vilanova.escolateresiana.com\/es\/wp-json\/wp\/v2\/pages\/3123","targetHints":{"allow":["GET"]}}],"collection":[{"href":"https:\/\/vilanova.escolateresiana.com\/es\/wp-json\/wp\/v2\/pages"}],"about":[{"href":"https:\/\/vilanova.escolateresiana.com\/es\/wp-json\/wp\/v2\/types\/page"}],"author":[{"embeddable":true,"href":"https:\/\/vilanova.escolateresiana.com\/es\/wp-json\/wp\/v2\/users\/1"}],"replies":[{"embeddable":true,"href":"https:\/\/vilanova.escolateresiana.com\/es\/wp-json\/wp\/v2\/comments?post=3123"}],"version-history":[{"count":10,"href":"https:\/\/vilanova.escolateresiana.com\/es\/wp-json\/wp\/v2\/pages\/3123\/revisions"}],"predecessor-version":[{"id":4898,"href":"https:\/\/vilanova.escolateresiana.com\/es\/wp-json\/wp\/v2\/pages\/3123\/revisions\/4898"}],"wp:attachment":[{"href":"https:\/\/vilanova.escolateresiana.com\/es\/wp-json\/wp\/v2\/media?parent=3123"}],"curies":[{"name":"wp","href":"https:\/\/api.w.org\/{rel}","templated":true}]}}